{"id":1343,"date":"2020-07-01T12:37:13","date_gmt":"2020-07-01T10:37:13","guid":{"rendered":"https:\/\/www.casarivariccione.com\/?page_id=1343"},"modified":"2025-04-15T12:13:46","modified_gmt":"2025-04-15T10:13:46","slug":"privacy-policy","status":"publish","type":"page","link":"https:\/\/www.casarivariccione.com\/fr\/privacy-policy\/","title":{"rendered":"Privacy Policy"},"content":{"rendered":"<div class=\"container mt-3 text-justify\">\n<div class=\"font-weight-bold\">\n<h3 class=\"text-center border border-primary p-2 font-weight-bold\" style=\"text-align: left;\">(R\u00e8glement (UE) 2016\/679 du Parlement europ\u00e9en et du Conseil du 27 avril 2016)<\/h3>\n<div class=\"font-weight-bold\">POURQUOI CES INFORMATIONS<\/div>\n<p>Cette page d\u00e9crit la mani\u00e8re dont les donn\u00e9es personnelles des utilisateurs qui consultent le site Web sont trait\u00e9es, car des donn\u00e9es relatives \u00e0 des personnes physiques identifi\u00e9es ou identifiables peuvent \u00eatre trait\u00e9es \u00e0 la suite de la consultation du site. Avant de communiquer toute donn\u00e9e personnelle, l&rsquo;h\u00f4tel Lungomare de Vincenzo et Rita Leardini snc vous invite \u00e0 lire attentivement la pr\u00e9sente \u00ab\u00a0Politique de confidentialit\u00e9\u00a0\u00bb, car elle contient des informations importantes sur la protection des donn\u00e9es personnelles et les mesures de s\u00e9curit\u00e9 adopt\u00e9es pour garantir leur confidentialit\u00e9 dans le respect total de la l\u00e9gislation applicable.<\/p>\n<p>Cette Politique de confidentialit\u00e9 ne s&rsquo;applique pas aux autres sites Web accessibles via des liens hypertextes publi\u00e9s sur le site, et elle est conforme \u00e0 la Recommandation n\u00b0 2\/2001 relative aux exigences minimales pour la collecte de donn\u00e9es en ligne au sein de l&rsquo;Union europ\u00e9enne, adopt\u00e9e le 17 mai 2001 par le Groupe de travail Article 29.<\/p>\n<p>Conform\u00e9ment \u00e0 l&rsquo;article 13 du R\u00e8glement (UE) 2016\/679 (\u00ab GDPR \u2013 R\u00e8glement g\u00e9n\u00e9ral sur la protection des donn\u00e9es \u00bb), ci-apr\u00e8s d\u00e9nomm\u00e9 le \u00ab\u00a0R\u00e8glement\u00a0\u00bb, le traitement des informations personnelles vous concernant, que nous pourrions recueillir, sera bas\u00e9 sur les principes d&rsquo;\u00e9quit\u00e9, de l\u00e9galit\u00e9, de limitation des finalit\u00e9s et de la conservation, de minimisation des donn\u00e9es, d&rsquo;exactitude, d&rsquo;int\u00e9grit\u00e9, de transparence et de protection de votre vie priv\u00e9e et de vos droits.<\/p>\n<p>Nous vous informons donc de ce qui suit :<\/p>\n<ol class=\"pl-3\">\n<li style=\"list-style-type: none;\">\n<ol class=\"pl-3\">\n<li>\n<div class=\"font-weight-bold\">IDENTIT\u00c9 ET COORDONN\u00c9ES DU RESPONSABLE DU TRAITEMENT\/DPO (D\u00c9L\u00c9GU\u00c9 \u00c0 LA PROTECTION DES DONN\u00c9ES)<\/div>\n<p>Le responsable des donn\u00e9es est l&rsquo;h\u00f4tel Lungomare de Vincenzo et Rita Leardini snc \u2013 Viale Milano 7, Riccione (RN), 47838 &#8211; TVA : 00870030400 &#8211; Email : <a class=\"text-primary\" href=\"mailto:privacy@leardinigroup.com\">privacy@leardinigroup.com<\/a> &#8211; Tel : <a class=\"text-primary\" href=\"tel:0541695462\">0541695462<\/a><\/li>\n<\/ol>\n<\/li>\n<\/ol>\n<ol class=\"pl-3\">\n<li style=\"list-style-type: none;\">\n<ol class=\"pl-3\">\n<li>\n<div class=\"font-weight-bold\">OBJECTIF DU TRAITEMENT<\/div>\n<p>Les donn\u00e9es personnelles collect\u00e9es par le site sont les suivantes :<\/p>\n<h6 class=\"font-weight-bold\">Donn\u00e9es de navigation<\/h6>\n<p>Les syst\u00e8mes informatiques et les proc\u00e9dures logicielles responsables du fonctionnement de ce site recueillent, au cours de leur fonctionnement normal, certaines donn\u00e9es personnelles dont la transmission est implicite dans l&rsquo;utilisation des protocoles de communication Internet.<br \/>\nCette cat\u00e9gorie de donn\u00e9es comprend les adresses IP ou les noms de domaine des ordinateurs et terminaux utilis\u00e9s par les utilisateurs, les adresses URI\/URL (Identifiant\/Localisateur de Ressource Uniforme) des ressources demand\u00e9es, l&rsquo;heure de la demande, la m\u00e9thode utilis\u00e9e pour soumettre la demande au serveur, la taille du fichier re\u00e7u en r\u00e9ponse, le code num\u00e9rique indiquant l&rsquo;\u00e9tat de la r\u00e9ponse du serveur (r\u00e9ussi, erreur, etc.), et d&rsquo;autres param\u00e8tres li\u00e9s au syst\u00e8me d&rsquo;exploitation et \u00e0 l&rsquo;environnement informatique de l&rsquo;utilisateur.<br \/>\nCes donn\u00e9es, n\u00e9cessaires \u00e0 l&rsquo;utilisation des services Web, sont \u00e9galement trait\u00e9es pour les fins suivantes :<\/p>\n<ul class=\"pl-3\">\n<li>recherches\/analyses statistiques sur des donn\u00e9es agr\u00e9g\u00e9es ou anonymes, sans possibilit\u00e9 d&rsquo;identifier l&rsquo;utilisateur, visant \u00e0 mesurer le bon fonctionnement du site, mesurer le trafic et \u00e9valuer l&rsquo;utilisabilit\u00e9 et l&rsquo;int\u00e9r\u00eat ;<\/li>\n<\/ul>\n<p>Les donn\u00e9es de navigation ne persistent pas plus de sept jours (sauf en cas de n\u00e9cessit\u00e9 de v\u00e9rification de crimes par l&rsquo;autorit\u00e9 judiciaire).<\/p>\n<h6 class=\"font-weight-bold\">Cookies et autres syst\u00e8mes de suivi<\/h6>\n<p>Aucun cookie n&rsquo;est utilis\u00e9 pour profiler les utilisateurs, ni d&rsquo;autres m\u00e9thodes de suivi.<br \/>\nDes cookies de session (non persistants) sont utilis\u00e9s, strictement limit\u00e9s \u00e0 ce qui est n\u00e9cessaire pour une navigation s\u00fbre et efficace sur le site. Le stockage des cookies de session dans les terminaux ou les navigateurs est sous le contr\u00f4le de l&rsquo;utilisateur, et sur les serveurs, \u00e0 la fin des sessions HTTP, les informations li\u00e9es aux cookies sont conserv\u00e9es dans les journaux des services, avec des dur\u00e9es de conservation ne d\u00e9passant pas sept jours, tout comme les autres donn\u00e9es de navigation.<br \/>\nPlus d&rsquo;informations sur l&rsquo;utilisation des cookies et technologies similaires sont disponibles \u00e0 <a class=\"text-primary\" href=\"https:\/\/www.garanteprivacy.it\/cookie\">https:\/\/www.garanteprivacy.it\/cookie<\/a>.<br \/>\nEn plus de ce qui est mentionn\u00e9 au point 2, le traitement des donn\u00e9es que vous fournissez peut \u00eatre destin\u00e9 aux objectifs suivants :<\/p>\n<ul class=\"pl-3\">\n<li>respecter les obligations pr\u00e9contractuelles et contractuelles r\u00e9sultant des relations en cours avec vous ;<\/li>\n<li>gestion administrative et comptable de la relation, obligatoire par la loi.<\/li>\n<\/ul>\n<p>Des informations sp\u00e9cifiques seront publi\u00e9es sur les pages du site d\u00e9di\u00e9es \u00e0 la fourniture de certains services.<\/li>\n<\/ol>\n<\/li>\n<\/ol>\n<ol class=\"pl-3\">\n<li style=\"list-style-type: none;\">\n<ol class=\"pl-3\">\n<li>\n<div class=\"font-weight-bold\">DESTINATAIRES OU CAT\u00c9GORIES DE DESTINATAIRES DES DONN\u00c9ES<\/div>\n<p>Les donn\u00e9es trait\u00e9es aux fins mentionn\u00e9es au point 2 peuvent \u00eatre communiqu\u00e9es au personnel interne ou externe \u00e0 l&rsquo;entreprise, aux personnes morales impliqu\u00e9es dans le processus de compl\u00e9tion des services demand\u00e9s par la personne concern\u00e9e, y compris, \u00e0 titre d&rsquo;exemple, les responsables de l&rsquo;envoi d&rsquo;e-mails et de l&rsquo;analyse du fonctionnement du site, qui agissent sur la base d&rsquo;instructions sp\u00e9cifiques concernant les finalit\u00e9s et les modalit\u00e9s du traitement. La liste est disponible aupr\u00e8s du responsable du traitement sur demande de la personne concern\u00e9e.<br \/>\nLes donn\u00e9es personnelles trait\u00e9es ne sont pas transf\u00e9r\u00e9es \u00e0 des destinataires situ\u00e9s en dehors de l&rsquo;Espace \u00e9conomique europ\u00e9en.<\/li>\n<\/ol>\n<\/li>\n<\/ol>\n<ol class=\"pl-3\">\n<li style=\"list-style-type: none;\">\n<ol class=\"pl-3\">\n<li>\n<div class=\"font-weight-bold\">DUR\u00c9E DE CONSERVATION DES DONN\u00c9ES PERSONNELLES<\/div>\n<p>La dur\u00e9e de conservation des donn\u00e9es personnelles commence \u00e0 partir du moment o\u00f9 elles sont fournies par la personne concern\u00e9e et se termine avec l&rsquo;exercice du droit de suppression des donn\u00e9es par la personne concern\u00e9e, par lettre recommand\u00e9e \u00e0 l&rsquo;adresse Viale Milano 7, Riccione (RN), 47838, ou par communication par e-mail \u00e0 : <a class=\"text-primary\" href=\"mailto:privacy@leardinigroup.com\">privacy@leardinigroup.com<\/a><\/li>\n<\/ol>\n<\/li>\n<\/ol>\n<ol class=\"pl-3\">\n<li style=\"list-style-type: none;\">\n<ol class=\"pl-3\">\n<li>\n<div class=\"font-weight-bold\">NATURE FACULTATIVE DE LA FOURNITURE DES DONN\u00c9ES ET CONS\u00c9QUENCES EN CAS DE REFUS<\/div>\n<p>La fourniture des donn\u00e9es n\u00e9cessaires \u00e0 la demande de contact et\/ou d&rsquo;informations est facultative. Cependant, en cas de non-fourniture des donn\u00e9es demand\u00e9es, la personne concern\u00e9e ne pourra pas recevoir les informations et le support demand\u00e9s.<\/li>\n<\/ol>\n<\/li>\n<\/ol>\n<ol class=\"pl-3\">\n<li style=\"list-style-type: none;\">\n<ol class=\"pl-3\">\n<li>\n<div class=\"font-weight-bold\">BASE JURIDIQUE DU TRAITEMENT<\/div>\n<p>Conform\u00e9ment \u00e0 l&rsquo;article 6 du GDPR 679\/2016, le traitement des donn\u00e9es aux fins \u00e9num\u00e9r\u00e9es au point 2 de ce document repose sur le consentement explicite de la personne concern\u00e9e (article 6(a)) ; l&rsquo;ex\u00e9cution d&rsquo;un contrat auquel la personne concern\u00e9e est partie (article 6(b)) ; et l&rsquo;int\u00e9r\u00eat l\u00e9gitime du responsable du traitement (article 6(f)), bas\u00e9 sur la relation pertinente entre la personne concern\u00e9e et le responsable du traitement, \u00e0 condition que les droits et libert\u00e9s de la personne concern\u00e9e ne pr\u00e9valent pas. Les int\u00e9r\u00eats l\u00e9gitimes du responsable du traitement ne pr\u00e9valent pas sur les int\u00e9r\u00eats, les droits et les libert\u00e9s de la personne concern\u00e9e.<\/li>\n<\/ol>\n<\/li>\n<\/ol>\n<ol class=\"pl-3\">\n<li style=\"list-style-type: none;\">\n<ol class=\"pl-3\">\n<li>\n<div class=\"font-weight-bold\">DROITS DE LA PERSONNE CONCERN\u00c9E<\/div>\n<p>\u00c0 tout moment, la personne concern\u00e9e peut exercer ses droits \u00e0 l&rsquo;\u00e9gard du responsable du traitement, conform\u00e9ment aux articles 15, 16, 17, 18, 20, 21 du GDPR 679\/2016. En particulier, la personne concern\u00e9e a le droit :<\/p>\n<ul class=\"pl-3\">\n<li>d&rsquo;acc\u00e9der \u00e0 ses donn\u00e9es personnelles en en faisant la demande (article 15) ;<\/li>\n<li>d&rsquo;obtenir la rectification (article 16) ;<\/li>\n<li>de demander la suppression des donn\u00e9es (droit \u00e0 l&rsquo;oubli) (article 17) ;<\/li>\n<li>de limiter le traitement le concernant (article 18) ;<\/li>\n<li>\u00e0 la portabilit\u00e9 des donn\u00e9es (article 20) ;<\/li>\n<li>de s&rsquo;opposer au traitement (article 21) ;<\/li>\n<li>de retirer son consentement sans affecter la l\u00e9galit\u00e9 du traitement effectu\u00e9 avant le retrait (article 13(2)(c)) ;<\/li>\n<li>de d\u00e9poser une plainte aupr\u00e8s d&rsquo;une autorit\u00e9 de contr\u00f4le (article 13(2)(d)).<\/li>\n<\/ul>\n<\/li>\n<\/ol>\n<\/li>\n<\/ol>\n<ol class=\"pl-3\">\n<li>\n<div class=\"font-weight-bold\">D\u00c9CISION AUTOMATIS\u00c9E ET PROFILAGE<\/div>\n<p>La collecte et le traitement des donn\u00e9es ne pr\u00e9voient aucun processus d\u00e9cisionnel automatis\u00e9 ni de profilage de la part du responsable du traitement.<\/li>\n<\/ol>\n<h6 class=\"font-weight-bold\">Sp\u00e9cifiques \u00ab\u00a0<span class=\"bg-primary\">Newsletters<\/span>\u00ab\u00a0<\/h6>\n<ol class=\"pl-3\" start=\"2\">\n<li>\n<div class=\"font-weight-bold\">OBJECTIF DU TRAITEMENT<\/div>\n<p>Le traitement des donn\u00e9es que vous fournissez est uniquement destin\u00e9 \u00e0 l&rsquo;ex\u00e9cution correcte et compl\u00e8te du service que vous avez demand\u00e9. L&rsquo;objectif sp\u00e9cifique est la collecte des donn\u00e9es personnelles pour les fins suivantes :<\/p>\n<ul class=\"pl-3\">\n<li>r\u00e9aliser la demande que vous avez effectu\u00e9e d&rsquo;envoi d&rsquo;informations par e-mail concernant des activit\u00e9s, \u00e9v\u00e9nements, initiatives, services et nouveaut\u00e9s en g\u00e9n\u00e9ral organis\u00e9s ou promus par le responsable du traitement.<\/li>\n<\/ul>\n<\/li>\n<li>\n<div class=\"font-weight-bold\">DESTINATAIRES OU CAT\u00c9GORIES DE DESTINATAIRES DES DONN\u00c9ES<\/div>\n<p>Les donn\u00e9es trait\u00e9es aux fins mentionn\u00e9es au point 2 peuvent \u00eatre communiqu\u00e9es au personnel interne ou externe de l&rsquo;entreprise, aux personnes morales impliqu\u00e9es dans le processus de satisfaction de la demande sp\u00e9cifique de la personne concern\u00e9e, dont la liste est disponible aupr\u00e8s du responsable du traitement sur demande de la personne concern\u00e9e.<\/li>\n<li>\n<div class=\"font-weight-bold\">DUR\u00c9E DE CONSERVATION DES DONN\u00c9ES PERSONNELLES<\/div>\n<p>La dur\u00e9e de conservation des donn\u00e9es personnelles commence lorsque les donn\u00e9es sont fournies par la personne concern\u00e9e et se termine avec l&rsquo;exercice du droit de suppression des donn\u00e9es par la personne concern\u00e9e, soit via le lien figurant en bas de chaque message, soit par lettre recommand\u00e9e \u00e0 l&rsquo;adresse Viale Milano 7, Riccione (RN), 47838, ou par e-mail \u00e0 : <a class=\"text-primary\" href=\"mailto:privacy@leardinigroup.com\">privacy@leardinigroup.com<\/a><\/li>\n<li>\n<div class=\"font-weight-bold\">NATURE FACULTATIVE DE LA FOURNITURE DES DONN\u00c9ES ET CONS\u00c9QUENCES EN CAS DE REFUS<\/div>\n<p>La fourniture des donn\u00e9es n\u00e9cessaires \u00e0 la demande d&rsquo;envoi d&rsquo;informations est facultative. Cependant, en cas de non-fourniture des donn\u00e9es demand\u00e9es, la personne concern\u00e9e ne pourra pas recevoir les informations et le support demand\u00e9s.<\/li>\n<\/ol>\n<div class=\"font-weight-bold\">IMPORTANT<\/div>\n<p>Cette Politique de confidentialit\u00e9 est en vigueur depuis le 25 mai 2018. Le responsable du traitement se r\u00e9serve le droit de modifier ou de mettre \u00e0 jour son contenu, partiellement ou totalement, en raison de changements dans le r\u00e8glement. Nous vous invitons donc \u00e0 consulter r\u00e9guli\u00e8rement cette section pour prendre connaissance de la version la plus r\u00e9cente et mise \u00e0 jour.<\/p>\n<\/div>\n<\/div>\n","protected":false},"excerpt":{"rendered":"<p>(R\u00e8glement (UE) 2016\/679 du Parlement europ\u00e9en et du Conseil du 27 avril 2016) POURQUOI CES INFORMATIONS Cette page d\u00e9crit la mani\u00e8re dont les donn\u00e9es personnelles des utilisateurs qui consultent le site Web sont trait\u00e9es, car des donn\u00e9es relatives \u00e0 des personnes physiques identifi\u00e9es ou identifiables peuvent \u00eatre trait\u00e9es \u00e0 la suite de la consultation du site. Avant de communiquer toute donn\u00e9e personnelle, l&rsquo;h\u00f4tel Lungomare de Vincenzo et Rita Leardini snc &#8230;<\/p>\n","protected":false},"author":4,"featured_media":0,"parent":0,"menu_order":12,"comment_status":"closed","ping_status":"closed","template":"","meta":{"_acf_changed":false},"class_list":["post-1343","page","type-page","status-publish","hentry"],"acf":[],"_links":{"self":[{"href":"https:\/\/www.casarivariccione.com\/fr\/wp-json\/wp\/v2\/pages\/1343","targetHints":{"allow":["GET"]}}],"collection":[{"href":"https:\/\/www.casarivariccione.com\/fr\/wp-json\/wp\/v2\/pages"}],"about":[{"href":"https:\/\/www.casarivariccione.com\/fr\/wp-json\/wp\/v2\/types\/page"}],"author":[{"embeddable":true,"href":"https:\/\/www.casarivariccione.com\/fr\/wp-json\/wp\/v2\/users\/4"}],"replies":[{"embeddable":true,"href":"https:\/\/www.casarivariccione.com\/fr\/wp-json\/wp\/v2\/comments?post=1343"}],"version-history":[{"count":0,"href":"https:\/\/www.casarivariccione.com\/fr\/wp-json\/wp\/v2\/pages\/1343\/revisions"}],"wp:attachment":[{"href":"https:\/\/www.casarivariccione.com\/fr\/wp-json\/wp\/v2\/media?parent=1343"}],"curies":[{"name":"wp","href":"https:\/\/api.w.org\/{rel}","templated":true}]}}